{"id":638,"date":"2019-05-27T17:17:06","date_gmt":"2019-05-27T15:17:06","guid":{"rendered":"http:\/\/aafloods.eu\/crisis-management\/"},"modified":"2022-04-29T19:09:45","modified_gmt":"2022-04-29T17:09:45","slug":"gestion-de-crisis","status":"publish","type":"page","link":"https:\/\/aafloods.eu\/es\/gestion-de-crisis\/","title":{"rendered":"Gesti\u00f3n de crisis"},"content":{"rendered":"\t\t<div data-elementor-type=\"wp-page\" data-elementor-id=\"638\" class=\"elementor elementor-638 elementor-379\" data-elementor-post-type=\"page\">\n\t\t\t\t\t\t<section class=\"elementor-section elementor-top-section elementor-element elementor-element-3025e3b2 elementor-section-stretched elementor-section-height-min-height elementor-section-boxed elementor-section-height-default elementor-section-items-middle\" data-id=\"3025e3b2\" data-element_type=\"section\" data-e-type=\"section\" data-settings=\"{&quot;stretch_section&quot;:&quot;section-stretched&quot;,&quot;background_background&quot;:&quot;classic&quot;,&quot;shape_divider_bottom&quot;:&quot;curve-asymmetrical&quot;,&quot;shape_divider_bottom_negative&quot;:&quot;yes&quot;}\">\n\t\t\t\t\t<div class=\"elementor-shape elementor-shape-bottom\" aria-hidden=\"true\" data-negative=\"true\">\n\t\t\t<svg xmlns=\"http:\/\/www.w3.org\/2000\/svg\" viewBox=\"0 0 1000 100\" preserveAspectRatio=\"none\">\n\t<path class=\"elementor-shape-fill\" d=\"M615.2,96.7C240.2,97.8,0,18.9,0,0v100h1000V0C1000,19.2,989.8,96,615.2,96.7z\"\/>\n<\/svg>\t\t<\/div>\n\t\t\t\t\t<div class=\"elementor-container elementor-column-gap-default\">\n\t\t\t\t\t<div class=\"elementor-column elementor-col-50 elementor-top-column elementor-element elementor-element-5116ef54\" data-id=\"5116ef54\" data-element_type=\"column\" data-e-type=\"column\">\n\t\t\t<div class=\"elementor-widget-wrap elementor-element-populated\">\n\t\t\t\t\t\t<div class=\"elementor-element elementor-element-530fe696 elementor-widget elementor-widget-image\" data-id=\"530fe696\" data-element_type=\"widget\" data-e-type=\"widget\" data-widget_type=\"image.default\">\n\t\t\t\t<div class=\"elementor-widget-container\">\n\t\t\t\t\t\t\t\t\t\t\t\t\t\t\t<img decoding=\"async\" src=\"https:\/\/aafloods.eu\/wp-content\/uploads\/elementor\/thumbs\/crisismanagement-blanco-o8fxw4qdl3oitk9z1lsun7i1n9jzc8rx074bt1pa7c.png\" title=\"crisismanagement-blanco\" alt=\"crisismanagement-blanco\" loading=\"lazy\" \/>\t\t\t\t\t\t\t\t\t\t\t\t\t\t\t<\/div>\n\t\t\t\t<\/div>\n\t\t\t\t\t<\/div>\n\t\t<\/div>\n\t\t\t\t<div class=\"elementor-column elementor-col-50 elementor-top-column elementor-element elementor-element-6b438e7f\" data-id=\"6b438e7f\" data-element_type=\"column\" data-e-type=\"column\">\n\t\t\t<div class=\"elementor-widget-wrap elementor-element-populated\">\n\t\t\t\t\t\t<div class=\"elementor-element elementor-element-444985e5 elementor-widget elementor-widget-heading\" data-id=\"444985e5\" data-element_type=\"widget\" data-e-type=\"widget\" data-widget_type=\"heading.default\">\n\t\t\t\t<div class=\"elementor-widget-container\">\n\t\t\t\t\t<h1 class=\"elementor-heading-title elementor-size-default\">GESTI\u00d3N DE CRISIS<\/h1>\t\t\t\t<\/div>\n\t\t\t\t<\/div>\n\t\t\t\t\t<\/div>\n\t\t<\/div>\n\t\t\t\t\t<\/div>\n\t\t<\/section>\n\t\t\t\t<section class=\"elementor-section elementor-top-section elementor-element elementor-element-a05acbb elementor-section-stretched elementor-section-boxed elementor-section-height-default elementor-section-height-default\" data-id=\"a05acbb\" data-element_type=\"section\" data-e-type=\"section\" data-settings=\"{&quot;stretch_section&quot;:&quot;section-stretched&quot;,&quot;background_background&quot;:&quot;classic&quot;}\">\n\t\t\t\t\t\t<div class=\"elementor-container elementor-column-gap-extended\">\n\t\t\t\t\t<div class=\"elementor-column elementor-col-100 elementor-top-column elementor-element elementor-element-7b14074\" data-id=\"7b14074\" data-element_type=\"column\" data-e-type=\"column\">\n\t\t\t<div class=\"elementor-widget-wrap elementor-element-populated\">\n\t\t\t\t\t\t<div class=\"elementor-element elementor-element-9fd6368 elementor-widget elementor-widget-heading\" data-id=\"9fd6368\" data-element_type=\"widget\" data-e-type=\"widget\" data-widget_type=\"heading.default\">\n\t\t\t\t<div class=\"elementor-widget-container\">\n\t\t\t\t\t<h2 class=\"elementor-heading-title elementor-size-default\">PROGRESOS DEL PROYECTO<\/h2>\t\t\t\t<\/div>\n\t\t\t\t<\/div>\n\t\t\t\t<section class=\"elementor-section elementor-inner-section elementor-element elementor-element-f991103 elementor-section-boxed elementor-section-height-default elementor-section-height-default\" data-id=\"f991103\" data-element_type=\"section\" data-e-type=\"section\">\n\t\t\t\t\t\t<div class=\"elementor-container elementor-column-gap-extended\">\n\t\t\t\t\t<div class=\"elementor-column elementor-col-100 elementor-inner-column elementor-element elementor-element-4799584\" data-id=\"4799584\" data-element_type=\"column\" data-e-type=\"column\">\n\t\t\t<div class=\"elementor-widget-wrap elementor-element-populated\">\n\t\t\t\t\t\t<div class=\"elementor-element elementor-element-3f6c390 list-collapse-mobile-true row-center sep-content-border elementor-invisible elementor-widget elementor-widget-wp-post-modules-el\" data-id=\"3f6c390\" data-element_type=\"widget\" data-e-type=\"widget\" data-settings=\"{&quot;_animation&quot;:&quot;fadeIn&quot;,&quot;_animation_delay&quot;:100}\" data-widget_type=\"wp-post-modules-el.default\">\n\t\t\t\t<div class=\"elementor-widget-container\">\n\t\t\t\t\t<div class=\"wppm wppm-grid list-enabled clearfix columns-1 columns_tablet-2 columns_mobile-1\"><article id=\"post-2458\" class=\"wppm-el-post 2458 post-2458 advances type-advances status-publish has-post-thumbnail hentry Phase-progreso-en-gestion-de-crisis\"><div class=\"wppm-post-wrap\"><div class=\"entry-content\"><h2 class=\"entry-title\"><a href=\"https:\/\/aafloods.eu\/es\/advances\/cartografia-3d-lidar-de-los-rios-odelouca-y-arade\/\" title=\"Cartograf\u00eda 3D LIDAR de los r\u00edos Odelouca y Arade\">Cartograf\u00eda 3D LIDAR de los r\u00edos Odelouca y Arade<\/a><\/h2><aside class=\"meta-row row-2\"><div class=\"meta-col\"><ul class=\"entry-meta\"><li class=\"post-time\"><time class=\"entry-date\" datetime=\"2022-05-11T13:37:32+02:00\">11 mayo 2022<\/time><\/li><li class=\"post-author schema-only\"><span class=\"screen-reader-text\">Author <\/span><a href=\"https:\/\/aafloods.eu\/es\/author\/anabelen\/\">Redacci\u00f3n<\/a><\/li><\/ul><\/div><\/aside><p class=\"post-text\">Trabajos de cartograf\u00eda 3D de alta precisi\u00f3n en las cuencas de los r\u00edos Odelouca y Arade desde sus embalses m\u00e1s pr\u00f3ximos a la Costa del Algarve, as\u00ed como el estuario del Arade y su salida al mar en Portim\u00e2o.<\/p><aside class=\"meta-row row-3\"><div class=\"meta-col col-50\"><a class=\"readmore-link\" href=\"https:\/\/aafloods.eu\/es\/advances\/cartografia-3d-lidar-de-los-rios-odelouca-y-arade\/\">Leer m\u00e1s<\/a><\/div><div class=\"meta-col col-50 text-right\"><\/div><\/aside><\/div><div class=\"post-img\"><a href=\"https:\/\/aafloods.eu\/es\/advances\/cartografia-3d-lidar-de-los-rios-odelouca-y-arade\/\" title=\"Cartograf\u00eda 3D LIDAR de los r\u00edos Odelouca y Arade\"><img decoding=\"async\" src=\"https:\/\/aafloods.eu\/wp-content\/uploads\/elementor\/thumbs\/Imagen-1-blog-ESP-74ukf2qyrobfr5k54ossq98rfajw122i7gco2xvaniy.jpg\" alt=\"Cartograf\u00eda 3D LIDAR de los r\u00edos Odelouca y Arade\" title=\"Cartograf\u00eda 3D LIDAR de los r\u00edos Odelouca y Arade\"\/><\/a><\/div><\/div><\/article><article id=\"post-2132\" class=\"wppm-el-post 2132 post-2132 advances type-advances status-publish has-post-thumbnail hentry Phase-progreso-en-gestion-de-crisis\"><div class=\"wppm-post-wrap\"><div class=\"entry-content\"><h2 class=\"entry-title\"><a href=\"https:\/\/aafloods.eu\/es\/advances\/proyecto-aa-floods-en-el-algarve-aguas-do-algarve\/\" title=\"PROYECTO AA-FLOODS en el Algarve. \u00c1guas do Algarve\">PROYECTO AA-FLOODS en el Algarve. \u00c1guas do Algarve<\/a><\/h2><aside class=\"meta-row row-2\"><div class=\"meta-col\"><ul class=\"entry-meta\"><li class=\"post-time\"><time class=\"entry-date\" datetime=\"2022-03-03T17:17:53+01:00\">3 marzo 2022<\/time><\/li><li class=\"post-author schema-only\"><span class=\"screen-reader-text\">Author <\/span><a href=\"https:\/\/aafloods.eu\/es\/author\/anabelen\/\">Redacci\u00f3n<\/a><\/li><\/ul><\/div><\/aside><p class=\"post-text\">\u00c1guas do Algarve participa en el proyecto AA-FLOODS con el objetivo de mejorar la prevenci\u00f3n y gesti\u00f3n de emergencias por inundaciones. En este video reportaje, la vicepresidenta D\u00f1a. Isabel Soares explica la problem\u00e1tica del Cambio Clim\u00e1tico en el Algarve, el problema de las inundaciones y las sequ\u00edas, el papel de la empresa p\u00fablica \u00c1guas do ... <\/p><aside class=\"meta-row row-3\"><div class=\"meta-col col-50\"><a class=\"readmore-link\" href=\"https:\/\/aafloods.eu\/es\/advances\/proyecto-aa-floods-en-el-algarve-aguas-do-algarve\/\">Leer m\u00e1s<\/a><\/div><div class=\"meta-col col-50 text-right\"><\/div><\/aside><\/div><div class=\"post-img\"><a href=\"https:\/\/aafloods.eu\/es\/advances\/proyecto-aa-floods-en-el-algarve-aguas-do-algarve\/\" title=\"PROYECTO AA-FLOODS en el Algarve. \u00c1guas do Algarve\"><img decoding=\"async\" src=\"https:\/\/aafloods.eu\/wp-content\/uploads\/elementor\/thumbs\/principal-avance-algarve-73xrdyhc4ex5nr5o4nhwnqxde0wnbwi0sl7nzw7ajkq.jpg\" alt=\"PROYECTO AA-FLOODS en el Algarve. \u00c1guas do Algarve\" title=\"PROYECTO AA-FLOODS en el Algarve. \u00c1guas do Algarve\"\/><\/a><\/div><\/div><\/article><\/div>\t\t\t\t<\/div>\n\t\t\t\t<\/div>\n\t\t\t\t\t<\/div>\n\t\t<\/div>\n\t\t\t\t\t<\/div>\n\t\t<\/section>\n\t\t\t\t\t<\/div>\n\t\t<\/div>\n\t\t\t\t\t<\/div>\n\t\t<\/section>\n\t\t\t\t<section class=\"elementor-section elementor-top-section elementor-element elementor-element-7847bfc elementor-section-stretched elementor-section-boxed elementor-section-height-default elementor-section-height-default\" data-id=\"7847bfc\" data-element_type=\"section\" data-e-type=\"section\" data-settings=\"{&quot;stretch_section&quot;:&quot;section-stretched&quot;}\">\n\t\t\t\t\t\t<div class=\"elementor-container elementor-column-gap-default\">\n\t\t\t\t\t<div class=\"elementor-column elementor-col-100 elementor-top-column elementor-element elementor-element-12e6b63\" data-id=\"12e6b63\" data-element_type=\"column\" data-e-type=\"column\">\n\t\t\t<div class=\"elementor-widget-wrap elementor-element-populated\">\n\t\t\t\t\t\t<section class=\"elementor-section elementor-inner-section elementor-element elementor-element-4fdf084 elementor-section-boxed elementor-section-height-default elementor-section-height-default\" data-id=\"4fdf084\" data-element_type=\"section\" data-e-type=\"section\">\n\t\t\t\t\t\t<div class=\"elementor-container elementor-column-gap-default\">\n\t\t\t\t\t<div class=\"elementor-column elementor-col-100 elementor-inner-column elementor-element elementor-element-e63429d\" data-id=\"e63429d\" data-element_type=\"column\" data-e-type=\"column\">\n\t\t\t<div class=\"elementor-widget-wrap elementor-element-populated\">\n\t\t\t\t\t\t<div class=\"elementor-element elementor-element-6eb9839 elementor-widget elementor-widget-text-editor\" data-id=\"6eb9839\" data-element_type=\"widget\" data-e-type=\"widget\" data-widget_type=\"text-editor.default\">\n\t\t\t\t<div class=\"elementor-widget-container\">\n\t\t\t\t\t\t\t\t\t<p>En la Gesti\u00f3n de Crisis por Inundaci\u00f3n, la coordinaci\u00f3n interadministrativa desempe\u00f1a un papel especial y, de manera singular en la gesti\u00f3n de embalses:<br \/>Las inundaciones aportan vol\u00famenes extraordinarios de agua que ponen en riesgo los embalses destinados a generaci\u00f3n de energ\u00eda hidroel\u00e9ctrica, a riego y abastecimiento a la poblaci\u00f3n, o a regulaci\u00f3n. Consecuentemente las autoridades que los gestionan descargan grandes vol\u00famenes de agua antes de que su presi\u00f3n supere ciertos niveles.<\/p><p>El problema estriba en que estas descargas ocurren justo cuando los r\u00edos est\u00e1n en el l\u00edmite de desbordamiento, o ya se han desbordado, y agravan el efecto de las inundaciones en las poblaciones r\u00edo abajo, especialmente si se realizan -como suele suceder- de golpe, liberando grandes vol\u00famenes de agua.<\/p><p>\u00c1guas do Algarve, como administrador de un embalse destinado a consumo humano, desarrollar\u00e1 con el apoyo de todos los socios, una experiencia piloto para mejorar los protocolos de descarga siguiendo criterios sociales y de evitaci\u00f3n de riesgos.<br \/>Prestar\u00e1 especial atenci\u00f3n a la coordinaci\u00f3n con las partes interesadas involucradas en la prevenci\u00f3n de riesgos y la gesti\u00f3n de emergencias por inundaciones.<\/p><p>El Piloto 3 simular\u00e1 en el \u00e1rea que conforman los r\u00edos Odelouca y Arade diferentes escenarios de lluvia torrencial, inundaciones, y vol\u00famenes de descarga del embalse de Odelouca.<br \/>El modelo analizar\u00e1 tambi\u00e9n el impacto de las descargas de otros dos pantanos gestionados por terceros actores en la cuenca del Arade, y el efecto sobre este conjunto tan complejo de la din\u00e1mica de las mareas del estuario de Portim\u00e3o, en el que ambos r\u00edos desembocan, y que afecta a las ciudades de Portim\u00e3o y Silves.<\/p><p>Se prestar\u00e1 especial atenci\u00f3n a la mejora de los protocolos y herramientas de coordinaci\u00f3n entre los diferentes organismos que intervienen en una emergencia. El objetivo es compartir informaci\u00f3n en tiempo real, establecer cadenas claras de comandos y protocolos de acci\u00f3n, y contribuir al desarrollo de la Gesti\u00f3n de emergencias lo m\u00e1s cerca posible de los afectados (por lo tanto, a escala local).<\/p>\t\t\t\t\t\t\t\t<\/div>\n\t\t\t\t<\/div>\n\t\t\t\t\t<\/div>\n\t\t<\/div>\n\t\t\t\t\t<\/div>\n\t\t<\/section>\n\t\t\t\t\t<\/div>\n\t\t<\/div>\n\t\t\t\t\t<\/div>\n\t\t<\/section>\n\t\t\t\t<section class=\"elementor-section elementor-top-section elementor-element elementor-element-1fea4967 elementor-section-stretched parallax elementor-section-boxed elementor-section-height-default elementor-section-height-default\" data-id=\"1fea4967\" data-element_type=\"section\" data-e-type=\"section\" data-settings=\"{&quot;stretch_section&quot;:&quot;section-stretched&quot;,&quot;background_background&quot;:&quot;classic&quot;,&quot;shape_divider_top&quot;:&quot;curve-asymmetrical&quot;,&quot;shape_divider_top_negative&quot;:&quot;yes&quot;}\">\n\t\t\t\t\t\t\t<div class=\"elementor-background-overlay\"><\/div>\n\t\t\t\t\t\t<div class=\"elementor-shape elementor-shape-top\" aria-hidden=\"true\" data-negative=\"true\">\n\t\t\t<svg xmlns=\"http:\/\/www.w3.org\/2000\/svg\" viewBox=\"0 0 1000 100\" preserveAspectRatio=\"none\">\n\t<path class=\"elementor-shape-fill\" d=\"M615.2,96.7C240.2,97.8,0,18.9,0,0v100h1000V0C1000,19.2,989.8,96,615.2,96.7z\"\/>\n<\/svg>\t\t<\/div>\n\t\t\t\t\t<div class=\"elementor-container elementor-column-gap-default\">\n\t\t\t\t\t<div class=\"elementor-column elementor-col-100 elementor-top-column elementor-element elementor-element-64886eb2\" data-id=\"64886eb2\" data-element_type=\"column\" data-e-type=\"column\">\n\t\t\t<div class=\"elementor-widget-wrap elementor-element-populated\">\n\t\t\t\t\t\t<div class=\"elementor-element elementor-element-e057c2d elementor-widget elementor-widget-spacer\" data-id=\"e057c2d\" data-element_type=\"widget\" data-e-type=\"widget\" data-widget_type=\"spacer.default\">\n\t\t\t\t<div class=\"elementor-widget-container\">\n\t\t\t\t\t\t\t<div class=\"elementor-spacer\">\n\t\t\t<div class=\"elementor-spacer-inner\"><\/div>\n\t\t<\/div>\n\t\t\t\t\t\t<\/div>\n\t\t\t\t<\/div>\n\t\t\t\t<div class=\"elementor-element elementor-element-72472cc4 elementor-widget elementor-widget-heading\" data-id=\"72472cc4\" data-element_type=\"widget\" data-e-type=\"widget\" data-widget_type=\"heading.default\">\n\t\t\t\t<div class=\"elementor-widget-container\">\n\t\t\t\t\t<h2 class=\"elementor-heading-title elementor-size-default\">ACCIONES<\/h2>\t\t\t\t<\/div>\n\t\t\t\t<\/div>\n\t\t\t\t<div class=\"elementor-element elementor-element-18bd55da elementor-widget elementor-widget-spacer\" data-id=\"18bd55da\" data-element_type=\"widget\" data-e-type=\"widget\" data-widget_type=\"spacer.default\">\n\t\t\t\t<div class=\"elementor-widget-container\">\n\t\t\t\t\t\t\t<div class=\"elementor-spacer\">\n\t\t\t<div class=\"elementor-spacer-inner\"><\/div>\n\t\t<\/div>\n\t\t\t\t\t\t<\/div>\n\t\t\t\t<\/div>\n\t\t\t\t<section class=\"elementor-section elementor-inner-section elementor-element elementor-element-40358f9e elementor-section-content-middle elementor-section-boxed elementor-section-height-default elementor-section-height-default\" data-id=\"40358f9e\" data-element_type=\"section\" data-e-type=\"section\">\n\t\t\t\t\t\t<div class=\"elementor-container elementor-column-gap-default\">\n\t\t\t\t\t<div class=\"elementor-column elementor-col-50 elementor-inner-column elementor-element elementor-element-6abf9c1d\" data-id=\"6abf9c1d\" data-element_type=\"column\" data-e-type=\"column\">\n\t\t\t<div class=\"elementor-widget-wrap elementor-element-populated\">\n\t\t\t\t\t\t<div class=\"elementor-element elementor-element-c6f2946 elementor-widget elementor-widget-text-editor\" data-id=\"c6f2946\" data-element_type=\"widget\" data-e-type=\"widget\" data-widget_type=\"text-editor.default\">\n\t\t\t\t<div class=\"elementor-widget-container\">\n\t\t\t\t\t\t\t\t\t<p>ACCI\u00d3N<\/p>\t\t\t\t\t\t\t\t<\/div>\n\t\t\t\t<\/div>\n\t\t\t\t<div class=\"elementor-element elementor-element-eaf4415 elementor-widget elementor-widget-heading\" data-id=\"eaf4415\" data-element_type=\"widget\" data-e-type=\"widget\" data-widget_type=\"heading.default\">\n\t\t\t\t<div class=\"elementor-widget-container\">\n\t\t\t\t\t<span class=\"elementor-heading-title elementor-size-default\">1<\/span>\t\t\t\t<\/div>\n\t\t\t\t<\/div>\n\t\t\t\t\t<\/div>\n\t\t<\/div>\n\t\t\t\t<div class=\"elementor-column elementor-col-50 elementor-inner-column elementor-element elementor-element-3a3a2e59\" data-id=\"3a3a2e59\" data-element_type=\"column\" data-e-type=\"column\">\n\t\t\t<div class=\"elementor-widget-wrap elementor-element-populated\">\n\t\t\t\t\t\t<div class=\"elementor-element elementor-element-4da5807c elementor-widget elementor-widget-heading\" data-id=\"4da5807c\" data-element_type=\"widget\" data-e-type=\"widget\" data-widget_type=\"heading.default\">\n\t\t\t\t<div class=\"elementor-widget-container\">\n\t\t\t\t\t<h3 class=\"elementor-heading-title elementor-size-default\">Piloto 3- Gesti\u00f3n de descargas de agua desde embalses<\/h3>\t\t\t\t<\/div>\n\t\t\t\t<\/div>\n\t\t\t\t<div class=\"elementor-element elementor-element-71e520e2 elementor-widget elementor-widget-text-editor\" data-id=\"71e520e2\" data-element_type=\"widget\" data-e-type=\"widget\" data-settings=\"{&quot;_animation&quot;:&quot;none&quot;}\" data-widget_type=\"text-editor.default\">\n\t\t\t\t<div class=\"elementor-widget-container\">\n\t\t\t\t\t\t\t\t\t<p>AA-FLOODS modelar\u00e1, aprovechando los nuevos mapas LIDAR 3D, los escenarios hidrol\u00f3gicos e hidr\u00e1ulicos previsibles en situaciones de lluvias intensas en las cuencas de los r\u00edos Odelouca y Arade y el estuario de Portim\u00e3o, y el impacto sobre \u00e9stos de distintos modos de gesti\u00f3n de las descargas de agua desde embalses en per\u00edodos de fuertes lluvias y \/ o inundaciones.<br \/>El an\u00e1lisis de las lluvias torrenciales, los caudales fluviales extremos, las mareas del Atl\u00e1ntico simult\u00e1neas y los diferentes vol\u00famenes de descarga de agua de los embalses de Odelouca y Arade permitir\u00e1 desarrollar Mapas de Riesgos por Inundaci\u00f3n precisos y actualizados, un Plan de Gesti\u00f3n de Riesgos por Inundaciones, y nuevos Protocolos de Descarga de agua que se convertir\u00e1n en un modelo para el \u00c1rea Atl\u00e1ntica.<\/p><p>Como resultado, se desarrollar\u00e1 una Gu\u00eda para la Planificaci\u00f3n, Gesti\u00f3n y Coordinaci\u00f3n de las partes interesadas que intervienen o son afectadas por las descargas de agua de los embalses. Esta gu\u00eda establecer\u00e1 c\u00f3mo gestionar estas descargas gracias a la experiencia en el Embalse de Odelouca: vol\u00famenes, impacto de \u00e9stas en las zonas habitadas, protocolos de comunicaci\u00f3n y coordinaci\u00f3n que deben activarse para evitar da\u00f1os materiales y humanos.<\/p><p><style>\n<br \/><\/style><\/p><p><style>\n<br \/><\/style><\/p>\t\t\t\t\t\t\t\t<\/div>\n\t\t\t\t<\/div>\n\t\t\t\t\t<\/div>\n\t\t<\/div>\n\t\t\t\t\t<\/div>\n\t\t<\/section>\n\t\t\t\t<div class=\"elementor-element elementor-element-b9c53f3 elementor-widget elementor-widget-spacer\" data-id=\"b9c53f3\" data-element_type=\"widget\" data-e-type=\"widget\" data-widget_type=\"spacer.default\">\n\t\t\t\t<div class=\"elementor-widget-container\">\n\t\t\t\t\t\t\t<div class=\"elementor-spacer\">\n\t\t\t<div class=\"elementor-spacer-inner\"><\/div>\n\t\t<\/div>\n\t\t\t\t\t\t<\/div>\n\t\t\t\t<\/div>\n\t\t\t\t<section class=\"elementor-section elementor-inner-section elementor-element elementor-element-67b60d44 elementor-section-content-middle elementor-section-boxed elementor-section-height-default elementor-section-height-default\" data-id=\"67b60d44\" data-element_type=\"section\" data-e-type=\"section\">\n\t\t\t\t\t\t<div class=\"elementor-container elementor-column-gap-default\">\n\t\t\t\t\t<div class=\"elementor-column elementor-col-50 elementor-inner-column elementor-element elementor-element-2a394441\" data-id=\"2a394441\" data-element_type=\"column\" data-e-type=\"column\">\n\t\t\t<div class=\"elementor-widget-wrap elementor-element-populated\">\n\t\t\t\t\t\t<div class=\"elementor-element elementor-element-6a612bb3 elementor-widget elementor-widget-text-editor\" data-id=\"6a612bb3\" data-element_type=\"widget\" data-e-type=\"widget\" data-widget_type=\"text-editor.default\">\n\t\t\t\t<div class=\"elementor-widget-container\">\n\t\t\t\t\t\t\t\t\t<p>ACCI\u00d3N<\/p>\t\t\t\t\t\t\t\t<\/div>\n\t\t\t\t<\/div>\n\t\t\t\t<div class=\"elementor-element elementor-element-14d98bef elementor-widget elementor-widget-heading\" data-id=\"14d98bef\" data-element_type=\"widget\" data-e-type=\"widget\" data-widget_type=\"heading.default\">\n\t\t\t\t<div class=\"elementor-widget-container\">\n\t\t\t\t\t<span class=\"elementor-heading-title elementor-size-default\">2<\/span>\t\t\t\t<\/div>\n\t\t\t\t<\/div>\n\t\t\t\t\t<\/div>\n\t\t<\/div>\n\t\t\t\t<div class=\"elementor-column elementor-col-50 elementor-inner-column elementor-element elementor-element-24d27a84\" data-id=\"24d27a84\" data-element_type=\"column\" data-e-type=\"column\">\n\t\t\t<div class=\"elementor-widget-wrap elementor-element-populated\">\n\t\t\t\t\t\t<div class=\"elementor-element elementor-element-799c8309 elementor-widget elementor-widget-heading\" data-id=\"799c8309\" data-element_type=\"widget\" data-e-type=\"widget\" data-widget_type=\"heading.default\">\n\t\t\t\t<div class=\"elementor-widget-container\">\n\t\t\t\t\t<h3 class=\"elementor-heading-title elementor-size-default\">Mejorar la coordinaci\u00f3n entre los organismos de gesti\u00f3n de emergencias<\/h3>\t\t\t\t<\/div>\n\t\t\t\t<\/div>\n\t\t\t\t<div class=\"elementor-element elementor-element-7780a3d4 elementor-widget elementor-widget-text-editor\" data-id=\"7780a3d4\" data-element_type=\"widget\" data-e-type=\"widget\" data-settings=\"{&quot;_animation&quot;:&quot;none&quot;}\" data-widget_type=\"text-editor.default\">\n\t\t\t\t<div class=\"elementor-widget-container\">\n\t\t\t\t\t\t\t\t\t<p>El Proyecto se basar\u00e1 en el Diagn\u00f3stico de las Pol\u00edticas de los Estados del AA frente los Riesgos de Inundaci\u00f3n, desarrollado en el bloque de trabajo de PREVENCI\u00d3N, para preparar una propuesta para mejorar la coordinaci\u00f3n entre las instituciones que participan en la gesti\u00f3n de emergencias en los Estados que participan en AA-FLOODS.<br \/>Los escenarios extremos probados en los Pilotos 1, 2, 3 m\u00e1s las experiencias reales recientes en el Reino Unido e Irlanda, y los proyectos como FRAMES (INTERREG Mar del Norte) ser\u00e1n aprovechados y capitalizados.<\/p><p>El resultado tendr\u00e1 la forma de Protocolos de Coordinaci\u00f3n mejorados: un documento operativo con propuestas detalladas para mejorar la efectividad en la gesti\u00f3n de crisis gracias a una mayor coordinaci\u00f3n entre los organismos de emergencia y a la redacci\u00f3n y ejecuci\u00f3n de Planes Locales de Gesti\u00f3n de Riesgos por Inundaci\u00f3n para guiar las intervenciones.<br \/>Estos nuevos Protocolos permitir\u00e1n mejorar la respuesta r\u00e1pida de los Cuerpos de Intervenci\u00f3n y Emergencia, con vistas a la Reducci\u00f3n de Da\u00f1os mediante el desarrollo de iniciativas de capacitaci\u00f3n dirigidas a mejorar la eficacia los actores involucrados en la gesti\u00f3n y prevenci\u00f3n de riesgos.<\/p>\t\t\t\t\t\t\t\t<\/div>\n\t\t\t\t<\/div>\n\t\t\t\t\t<\/div>\n\t\t<\/div>\n\t\t\t\t\t<\/div>\n\t\t<\/section>\n\t\t\t\t<div class=\"elementor-element elementor-element-16f6629 elementor-widget elementor-widget-spacer\" data-id=\"16f6629\" data-element_type=\"widget\" data-e-type=\"widget\" data-widget_type=\"spacer.default\">\n\t\t\t\t<div class=\"elementor-widget-container\">\n\t\t\t\t\t\t\t<div class=\"elementor-spacer\">\n\t\t\t<div class=\"elementor-spacer-inner\"><\/div>\n\t\t<\/div>\n\t\t\t\t\t\t<\/div>\n\t\t\t\t<\/div>\n\t\t\t\t<section class=\"elementor-section elementor-inner-section elementor-element elementor-element-defa7d7 elementor-section-content-middle elementor-section-boxed elementor-section-height-default elementor-section-height-default\" data-id=\"defa7d7\" data-element_type=\"section\" data-e-type=\"section\">\n\t\t\t\t\t\t<div class=\"elementor-container elementor-column-gap-default\">\n\t\t\t\t\t<div class=\"elementor-column elementor-col-50 elementor-inner-column elementor-element elementor-element-e9d3e7d\" data-id=\"e9d3e7d\" data-element_type=\"column\" data-e-type=\"column\">\n\t\t\t<div class=\"elementor-widget-wrap elementor-element-populated\">\n\t\t\t\t\t\t<div class=\"elementor-element elementor-element-b782bd0 elementor-widget elementor-widget-text-editor\" data-id=\"b782bd0\" data-element_type=\"widget\" data-e-type=\"widget\" data-widget_type=\"text-editor.default\">\n\t\t\t\t<div class=\"elementor-widget-container\">\n\t\t\t\t\t\t\t\t\t<p>ACCI\u00d3N<\/p>\t\t\t\t\t\t\t\t<\/div>\n\t\t\t\t<\/div>\n\t\t\t\t<div class=\"elementor-element elementor-element-07a2ceb elementor-widget elementor-widget-heading\" data-id=\"07a2ceb\" data-element_type=\"widget\" data-e-type=\"widget\" data-widget_type=\"heading.default\">\n\t\t\t\t<div class=\"elementor-widget-container\">\n\t\t\t\t\t<span class=\"elementor-heading-title elementor-size-default\">3<\/span>\t\t\t\t<\/div>\n\t\t\t\t<\/div>\n\t\t\t\t\t<\/div>\n\t\t<\/div>\n\t\t\t\t<div class=\"elementor-column elementor-col-50 elementor-inner-column elementor-element elementor-element-52449dc\" data-id=\"52449dc\" data-element_type=\"column\" data-e-type=\"column\">\n\t\t\t<div class=\"elementor-widget-wrap elementor-element-populated\">\n\t\t\t\t\t\t<div class=\"elementor-element elementor-element-d158c30 elementor-widget elementor-widget-heading\" data-id=\"d158c30\" data-element_type=\"widget\" data-e-type=\"widget\" data-widget_type=\"heading.default\">\n\t\t\t\t<div class=\"elementor-widget-container\">\n\t\t\t\t\t<h3 class=\"elementor-heading-title elementor-size-default\">Promover el uso de informaci\u00f3n en tiempo real en la planificaci\u00f3n de respuesta<\/h3>\t\t\t\t<\/div>\n\t\t\t\t<\/div>\n\t\t\t\t<div class=\"elementor-element elementor-element-8af2961 elementor-widget elementor-widget-text-editor\" data-id=\"8af2961\" data-element_type=\"widget\" data-e-type=\"widget\" data-settings=\"{&quot;_animation&quot;:&quot;none&quot;}\" data-widget_type=\"text-editor.default\">\n\t\t\t\t<div class=\"elementor-widget-container\">\n\t\t\t\t\t\t\t\t\t<p>Para lograr una mayor eficiencia en la gesti\u00f3n de crisis es necesario desarrollar<\/p><ol><li>Protocolos de informaci\u00f3n a las autoridades locales para una mejor coordinaci\u00f3n durante el evento, con objetivos y jerarqu\u00edas claros y una clara identificaci\u00f3n de los principales actores involucrados (tomadores de decisiones, administradores de infraestructura, personal de respuesta a emergencias, otros) y sus funciones<\/li><li>Informaci\u00f3n en tiempo real mejorada, difundida durante la crisis a la poblaci\u00f3n a trav\u00e9s de las redes sociales. El prop\u00f3sito es mejorar la forma en que se crea y comparte la informaci\u00f3n, y su comprensi\u00f3n por parte de los afectados.<\/li><\/ol><p>AA-FLOODS pondr\u00e1 en pr\u00e1ctica Estrategias para Mejora de la Resiliencia considerando los impactos a corto y largo plazo. \u00c9stas incluir\u00e1n un marco de coste-beneficio para clasificar propuestas alternativas; protocolos armonizados de costes-beneficios sociales, y An\u00e1lisis de los Costes del Ciclo de Vida.<\/p><p>Se llevar\u00e1n a cabo interacciones con los interesados y usuarios finales desarrollados a trav\u00e9s de paneles Delphi y talleres de trabajo, y mediante sistemas de puntuaci\u00f3n de indicadores de resiliencia.<\/p><p>El desarrollo de iniciativas de capacitaci\u00f3n dirigidas a actores involucrados en la gesti\u00f3n y prevenci\u00f3n de riesgos, se orientar\u00e1 a evitar el efecto negativo de noticias falsas y, su lugar, a aprovechar las redes sociales como una herramienta \u00fatil para mejorar la gesti\u00f3n de crisis que ayudar\u00e1 a la r\u00e1pida respuesta de las Autoridades Locales y a una mejor reacci\u00f3n de la poblaci\u00f3n afectada, con el fin de reducir los da\u00f1os.<\/p>\t\t\t\t\t\t\t\t<\/div>\n\t\t\t\t<\/div>\n\t\t\t\t\t<\/div>\n\t\t<\/div>\n\t\t\t\t\t<\/div>\n\t\t<\/section>\n\t\t\t\t<div class=\"elementor-element elementor-element-bc5c571 elementor-widget elementor-widget-spacer\" data-id=\"bc5c571\" data-element_type=\"widget\" data-e-type=\"widget\" data-widget_type=\"spacer.default\">\n\t\t\t\t<div class=\"elementor-widget-container\">\n\t\t\t\t\t\t\t<div class=\"elementor-spacer\">\n\t\t\t<div class=\"elementor-spacer-inner\"><\/div>\n\t\t<\/div>\n\t\t\t\t\t\t<\/div>\n\t\t\t\t<\/div>\n\t\t\t\t\t<\/div>\n\t\t<\/div>\n\t\t\t\t\t<\/div>\n\t\t<\/section>\n\t\t\t\t<\/div>\n\t\t","protected":false},"excerpt":{"rendered":"<p>GESTI\u00d3N DE CRISIS PROGRESOS DEL PROYECTO AA-FLOODS Project in Algarve. \u00c1guas do Algarve. 3 March 2022 Author Redacci\u00f3n \u00c1guas do Algarve participates in the AA-FLOODS project with the aim of improving the prevention and management of flood emergencies. In this video report, the vice-president Ms. Isabel Soares explains the problem of Climate Change in the &#8230; <a title=\"PROYECTO AA-FLOODS en el Algarve. \u00c1guas do Algarve\" class=\"read-more\" href=\"https:\/\/aafloods.eu\/es\/advances\/proyecto-aa-floods-en-el-algarve-aguas-do-algarve\/\" aria-label=\"Leer m\u00e1s sobre PROYECTO AA-FLOODS en el Algarve. \u00c1guas do Algarve\">Leer m\u00e1s<\/a><\/p>\n","protected":false},"author":1,"featured_media":0,"parent":0,"menu_order":0,"comment_status":"closed","ping_status":"closed","template":"","meta":{"footnotes":""},"class_list":["post-638","page","type-page","status-publish","hentry"],"yoast_head":"<!-- This site is optimized with the Yoast SEO plugin v27.1.1 - https:\/\/yoast.com\/product\/yoast-seo-wordpress\/ -->\n<title>Gesti\u00f3n de crisis - AA-Floods<\/title>\n<meta name=\"robots\" content=\"index, follow, max-snippet:-1, max-image-preview:large, max-video-preview:-1\" \/>\n<link rel=\"canonical\" href=\"https:\/\/aafloods.eu\/es\/gestion-de-crisis\/\" \/>\n<meta property=\"og:locale\" content=\"es_ES\" \/>\n<meta property=\"og:type\" content=\"article\" \/>\n<meta property=\"og:title\" content=\"Gesti\u00f3n de crisis - AA-Floods\" \/>\n<meta property=\"og:description\" content=\"GESTI\u00d3N DE CRISIS PROGRESOS DEL PROYECTO AA-FLOODS Project in Algarve. \u00c1guas do Algarve. 3 March 2022 Author Redacci\u00f3n \u00c1guas do Algarve participates in the AA-FLOODS project with the aim of improving the prevention and management of flood emergencies. In this video report, the vice-president Ms. Isabel Soares explains the problem of Climate Change in the ... Leer m\u00e1s\" \/>\n<meta property=\"og:url\" content=\"https:\/\/aafloods.eu\/es\/gestion-de-crisis\/\" \/>\n<meta property=\"og:site_name\" content=\"AA-Floods\" \/>\n<meta property=\"article:modified_time\" content=\"2022-04-29T17:09:45+00:00\" \/>\n<meta property=\"og:image\" content=\"http:\/\/aafloods.eu\/wp-content\/uploads\/elementor\/thumbs\/crisismanagement-blanco-o8fxw4qdl3oitk9z1lsun7i1n9jzc8rx074bt1pa7c.png\" \/>\n<meta name=\"twitter:card\" content=\"summary_large_image\" \/>\n<meta name=\"twitter:label1\" content=\"Tiempo de lectura\" \/>\n\t<meta name=\"twitter:data1\" content=\"6 minutos\" \/>\n<script type=\"application\/ld+json\" class=\"yoast-schema-graph\">{\"@context\":\"https:\/\/schema.org\",\"@graph\":[{\"@type\":\"WebPage\",\"@id\":\"https:\/\/aafloods.eu\/es\/gestion-de-crisis\/\",\"url\":\"https:\/\/aafloods.eu\/es\/gestion-de-crisis\/\",\"name\":\"Gesti\u00f3n de crisis - AA-Floods\",\"isPartOf\":{\"@id\":\"https:\/\/aafloods.eu\/es\/#website\"},\"primaryImageOfPage\":{\"@id\":\"https:\/\/aafloods.eu\/es\/gestion-de-crisis\/#primaryimage\"},\"image\":{\"@id\":\"https:\/\/aafloods.eu\/es\/gestion-de-crisis\/#primaryimage\"},\"thumbnailUrl\":\"https:\/\/aafloods.eu\/wp-content\/uploads\/elementor\/thumbs\/crisismanagement-blanco-o8fxw4qdl3oitk9z1lsun7i1n9jzc8rx074bt1pa7c.png\",\"datePublished\":\"2019-05-27T15:17:06+00:00\",\"dateModified\":\"2022-04-29T17:09:45+00:00\",\"breadcrumb\":{\"@id\":\"https:\/\/aafloods.eu\/es\/gestion-de-crisis\/#breadcrumb\"},\"inLanguage\":\"es\",\"potentialAction\":[{\"@type\":\"ReadAction\",\"target\":[\"https:\/\/aafloods.eu\/es\/gestion-de-crisis\/\"]}]},{\"@type\":\"ImageObject\",\"inLanguage\":\"es\",\"@id\":\"https:\/\/aafloods.eu\/es\/gestion-de-crisis\/#primaryimage\",\"url\":\"https:\/\/aafloods.eu\/wp-content\/uploads\/elementor\/thumbs\/crisismanagement-blanco-o8fxw4qdl3oitk9z1lsun7i1n9jzc8rx074bt1pa7c.png\",\"contentUrl\":\"https:\/\/aafloods.eu\/wp-content\/uploads\/elementor\/thumbs\/crisismanagement-blanco-o8fxw4qdl3oitk9z1lsun7i1n9jzc8rx074bt1pa7c.png\"},{\"@type\":\"BreadcrumbList\",\"@id\":\"https:\/\/aafloods.eu\/es\/gestion-de-crisis\/#breadcrumb\",\"itemListElement\":[{\"@type\":\"ListItem\",\"position\":1,\"name\":\"Portada\",\"item\":\"https:\/\/aafloods.eu\/es\/\"},{\"@type\":\"ListItem\",\"position\":2,\"name\":\"Gesti\u00f3n de crisis\"}]},{\"@type\":\"WebSite\",\"@id\":\"https:\/\/aafloods.eu\/es\/#website\",\"url\":\"https:\/\/aafloods.eu\/es\/\",\"name\":\"AA-Floods\",\"description\":\"Prevention and action in case of flood\u200b\",\"publisher\":{\"@id\":\"https:\/\/aafloods.eu\/es\/#organization\"},\"potentialAction\":[{\"@type\":\"SearchAction\",\"target\":{\"@type\":\"EntryPoint\",\"urlTemplate\":\"https:\/\/aafloods.eu\/es\/?s={search_term_string}\"},\"query-input\":{\"@type\":\"PropertyValueSpecification\",\"valueRequired\":true,\"valueName\":\"search_term_string\"}}],\"inLanguage\":\"es\"},{\"@type\":\"Organization\",\"@id\":\"https:\/\/aafloods.eu\/es\/#organization\",\"name\":\"AA-Floods\",\"url\":\"https:\/\/aafloods.eu\/es\/\",\"logo\":{\"@type\":\"ImageObject\",\"inLanguage\":\"es\",\"@id\":\"https:\/\/aafloods.eu\/es\/#\/schema\/logo\/image\/\",\"url\":\"https:\/\/aafloods.eu\/wp-content\/uploads\/2019\/05\/cropped-favicon-aafloods2-2.png\",\"contentUrl\":\"https:\/\/aafloods.eu\/wp-content\/uploads\/2019\/05\/cropped-favicon-aafloods2-2.png\",\"width\":512,\"height\":228,\"caption\":\"AA-Floods\"},\"image\":{\"@id\":\"https:\/\/aafloods.eu\/es\/#\/schema\/logo\/image\/\"}}]}<\/script>\n<!-- \/ Yoast SEO plugin. -->","yoast_head_json":{"title":"Gesti\u00f3n de crisis - AA-Floods","robots":{"index":"index","follow":"follow","max-snippet":"max-snippet:-1","max-image-preview":"max-image-preview:large","max-video-preview":"max-video-preview:-1"},"canonical":"https:\/\/aafloods.eu\/es\/gestion-de-crisis\/","og_locale":"es_ES","og_type":"article","og_title":"Gesti\u00f3n de crisis - AA-Floods","og_description":"GESTI\u00d3N DE CRISIS PROGRESOS DEL PROYECTO AA-FLOODS Project in Algarve. \u00c1guas do Algarve. 3 March 2022 Author Redacci\u00f3n \u00c1guas do Algarve participates in the AA-FLOODS project with the aim of improving the prevention and management of flood emergencies. In this video report, the vice-president Ms. Isabel Soares explains the problem of Climate Change in the ... Leer m\u00e1s","og_url":"https:\/\/aafloods.eu\/es\/gestion-de-crisis\/","og_site_name":"AA-Floods","article_modified_time":"2022-04-29T17:09:45+00:00","og_image":[{"url":"http:\/\/aafloods.eu\/wp-content\/uploads\/elementor\/thumbs\/crisismanagement-blanco-o8fxw4qdl3oitk9z1lsun7i1n9jzc8rx074bt1pa7c.png","type":"","width":"","height":""}],"twitter_card":"summary_large_image","twitter_misc":{"Tiempo de lectura":"6 minutos"},"schema":{"@context":"https:\/\/schema.org","@graph":[{"@type":"WebPage","@id":"https:\/\/aafloods.eu\/es\/gestion-de-crisis\/","url":"https:\/\/aafloods.eu\/es\/gestion-de-crisis\/","name":"Gesti\u00f3n de crisis - AA-Floods","isPartOf":{"@id":"https:\/\/aafloods.eu\/es\/#website"},"primaryImageOfPage":{"@id":"https:\/\/aafloods.eu\/es\/gestion-de-crisis\/#primaryimage"},"image":{"@id":"https:\/\/aafloods.eu\/es\/gestion-de-crisis\/#primaryimage"},"thumbnailUrl":"https:\/\/aafloods.eu\/wp-content\/uploads\/elementor\/thumbs\/crisismanagement-blanco-o8fxw4qdl3oitk9z1lsun7i1n9jzc8rx074bt1pa7c.png","datePublished":"2019-05-27T15:17:06+00:00","dateModified":"2022-04-29T17:09:45+00:00","breadcrumb":{"@id":"https:\/\/aafloods.eu\/es\/gestion-de-crisis\/#breadcrumb"},"inLanguage":"es","potentialAction":[{"@type":"ReadAction","target":["https:\/\/aafloods.eu\/es\/gestion-de-crisis\/"]}]},{"@type":"ImageObject","inLanguage":"es","@id":"https:\/\/aafloods.eu\/es\/gestion-de-crisis\/#primaryimage","url":"https:\/\/aafloods.eu\/wp-content\/uploads\/elementor\/thumbs\/crisismanagement-blanco-o8fxw4qdl3oitk9z1lsun7i1n9jzc8rx074bt1pa7c.png","contentUrl":"https:\/\/aafloods.eu\/wp-content\/uploads\/elementor\/thumbs\/crisismanagement-blanco-o8fxw4qdl3oitk9z1lsun7i1n9jzc8rx074bt1pa7c.png"},{"@type":"BreadcrumbList","@id":"https:\/\/aafloods.eu\/es\/gestion-de-crisis\/#breadcrumb","itemListElement":[{"@type":"ListItem","position":1,"name":"Portada","item":"https:\/\/aafloods.eu\/es\/"},{"@type":"ListItem","position":2,"name":"Gesti\u00f3n de crisis"}]},{"@type":"WebSite","@id":"https:\/\/aafloods.eu\/es\/#website","url":"https:\/\/aafloods.eu\/es\/","name":"AA-Floods","description":"Prevention and action in case of flood\u200b","publisher":{"@id":"https:\/\/aafloods.eu\/es\/#organization"},"potentialAction":[{"@type":"SearchAction","target":{"@type":"EntryPoint","urlTemplate":"https:\/\/aafloods.eu\/es\/?s={search_term_string}"},"query-input":{"@type":"PropertyValueSpecification","valueRequired":true,"valueName":"search_term_string"}}],"inLanguage":"es"},{"@type":"Organization","@id":"https:\/\/aafloods.eu\/es\/#organization","name":"AA-Floods","url":"https:\/\/aafloods.eu\/es\/","logo":{"@type":"ImageObject","inLanguage":"es","@id":"https:\/\/aafloods.eu\/es\/#\/schema\/logo\/image\/","url":"https:\/\/aafloods.eu\/wp-content\/uploads\/2019\/05\/cropped-favicon-aafloods2-2.png","contentUrl":"https:\/\/aafloods.eu\/wp-content\/uploads\/2019\/05\/cropped-favicon-aafloods2-2.png","width":512,"height":228,"caption":"AA-Floods"},"image":{"@id":"https:\/\/aafloods.eu\/es\/#\/schema\/logo\/image\/"}}]}},"_links":{"self":[{"href":"https:\/\/aafloods.eu\/es\/wp-json\/wp\/v2\/pages\/638","targetHints":{"allow":["GET"]}}],"collection":[{"href":"https:\/\/aafloods.eu\/es\/wp-json\/wp\/v2\/pages"}],"about":[{"href":"https:\/\/aafloods.eu\/es\/wp-json\/wp\/v2\/types\/page"}],"author":[{"embeddable":true,"href":"https:\/\/aafloods.eu\/es\/wp-json\/wp\/v2\/users\/1"}],"replies":[{"embeddable":true,"href":"https:\/\/aafloods.eu\/es\/wp-json\/wp\/v2\/comments?post=638"}],"version-history":[{"count":26,"href":"https:\/\/aafloods.eu\/es\/wp-json\/wp\/v2\/pages\/638\/revisions"}],"predecessor-version":[{"id":2391,"href":"https:\/\/aafloods.eu\/es\/wp-json\/wp\/v2\/pages\/638\/revisions\/2391"}],"wp:attachment":[{"href":"https:\/\/aafloods.eu\/es\/wp-json\/wp\/v2\/media?parent=638"}],"curies":[{"name":"wp","href":"https:\/\/api.w.org\/{rel}","templated":true}]}}